{"id":90,"date":"2015-11-15T10:09:46","date_gmt":"2015-11-15T09:09:46","guid":{"rendered":"http:\/\/api-colomiers.com\/georgesand\/?page_id=90"},"modified":"2016-01-09T00:18:28","modified_gmt":"2016-01-08T23:18:28","slug":"centres-de-loisirs","status":"publish","type":"page","link":"https:\/\/api-colomiers.com\/georgesand\/centres-de-loisirs\/","title":{"rendered":"Centres de loisirs"},"content":{"rendered":"<h2><span style=\"color: #0fbe7c;\">Centre de loisirs Alain-Savary<\/span><\/h2>\n<ul>\n<li>Adresse:\u00a0 <a href=\"https:\/\/www.google.fr\/maps\/search\/All%C3%A9e+du+Morbihan,+Colomiers\/@43.6165859,1.3165165,377m\/data=!3m2!1e3!4b1\" target=\"_blank\">all\u00e9e du Morbihan 31770 Colomiers<\/a><\/li>\n<li>T\u00e9l\u00e9phone section maternelle:\u00a0 05.61.63.50.22<\/li>\n<li>T\u00e9l\u00e9phone section \u00e9l\u00e9mentaire:\u00a0 05.61.63.50.24<\/li>\n<li>Horaires:\n<ul>\n<li>Mercredi en p\u00e9riode scolaire: 11h15-18h30<br \/>\n(\u00e9l\u00e8ves des \u00e9coles Jules-Ferry, Alain-Savary, George-Sand et Marie-Curie)<\/li>\n<\/ul>\n<\/li>\n<\/ul>\n<hr \/>\n<h2><span style=\"color: #0fbe7c;\">Centre de loisirs du Cabirol<\/span><\/h2>\n<ul>\n<li>Adresse:\u00a0 <a href=\"https:\/\/www.google.fr\/maps\/place\/Centre+des+Loisirs+du+Cabirol\/@43.5964545,1.3351134,17z\/data=!3m1!4b1!4m2!3m1!1s0x12aeb05a075155ed:0xfc490acd1ce37bcf\" target=\"_blank\">all\u00e9e des Alpilles 31 770 Colomiers<\/a><\/li>\n<li>T\u00e9l\u00e9phone section maternelle:\u00a0 05.61.15.31.56<\/li>\n<li>T\u00e9l\u00e9phone section \u00e9l\u00e9mentaire:\u00a0 05.61.15.31.55<\/li>\n<li>Horaires:\n<ul>\n<li>Tous les jours pendant les vacances scolaires: 7h30-18h30<\/li>\n<li><span style=\"color: #999999;\"><span style=\"color: #b5b1b1;\">Mercredi en p\u00e9riode scolaire: 11h30-18h30<\/span><br \/>\n<span style=\"color: #b5b1b1;\"> (\u00e9l\u00e8ves des \u00e9coles H\u00e9l\u00e8ne-Boucher, Lamartine, Lucie-Aubrac, En Jacca et Jean-Mac\u00e9)<\/span><\/span><\/li>\n<\/ul>\n<\/li>\n<\/ul>\n<hr \/>\n<h2><span style=\"color: #0fbe7c;\">Direction enfance\u00a0\u00e9ducation famille et sports<\/span><\/h2>\n<ul>\n<li>Adresse:<\/li>\n<\/ul>\n<p>Mairie de Colomiers \u2013 6\u00e8me\u00a0\u00e9tage<br \/>\n<a href=\"https:\/\/www.google.fr\/maps\/place\/Mairie+de+Colomiers\/@43.610889,1.3326403,17z\/data=!3m1!4b1!4m2!3m1!1s0x12aeb0336b7f52b7:0xe287dd0b6173f384\" target=\"_blank\">1 place Alex Raymond \u2013 BP 30330<\/a><br \/>\n<a href=\"https:\/\/www.google.fr\/maps\/place\/Mairie+de+Colomiers\/@43.610889,1.3326403,17z\/data=!3m1!4b1!4m2!3m1!1s0x12aeb0336b7f52b7:0xe287dd0b6173f384\" target=\"_blank\"> 31776 Colomiers Cedex<\/a><\/p>\n<ul>\n<li>T\u00e9l\u00e9phone:\u00a0 05.61.15.24.35<\/li>\n<\/ul>\n","protected":false},"excerpt":{"rendered":"<p>Centre de loisirs Alain-Savary Adresse:\u00a0 all\u00e9e du Morbihan 31770 Colomiers T\u00e9l\u00e9phone section maternelle:\u00a0 05.61.63.50.22 T\u00e9l\u00e9phone section \u00e9l\u00e9mentaire:\u00a0 05.61.63.50.24 Horaires: Mercredi en p\u00e9riode scolaire: 11h15-18h30 (\u00e9l\u00e8ves des \u00e9coles Jules-Ferry, Alain-Savary, George-Sand et Marie-Curie) Centre de loisirs du Cabirol Adresse:\u00a0 all\u00e9e des<\/p>\n","protected":false},"author":10,"featured_media":0,"parent":0,"menu_order":0,"comment_status":"closed","ping_status":"closed","template":"","meta":{"footnotes":""},"class_list":["post-90","page","type-page","status-publish","hentry"],"_links":{"self":[{"href":"https:\/\/api-colomiers.com\/georgesand\/wp-json\/wp\/v2\/pages\/90","targetHints":{"allow":["GET"]}}],"collection":[{"href":"https:\/\/api-colomiers.com\/georgesand\/wp-json\/wp\/v2\/pages"}],"about":[{"href":"https:\/\/api-colomiers.com\/georgesand\/wp-json\/wp\/v2\/types\/page"}],"author":[{"embeddable":true,"href":"https:\/\/api-colomiers.com\/georgesand\/wp-json\/wp\/v2\/users\/10"}],"replies":[{"embeddable":true,"href":"https:\/\/api-colomiers.com\/georgesand\/wp-json\/wp\/v2\/comments?post=90"}],"version-history":[{"count":0,"href":"https:\/\/api-colomiers.com\/georgesand\/wp-json\/wp\/v2\/pages\/90\/revisions"}],"wp:attachment":[{"href":"https:\/\/api-colomiers.com\/georgesand\/wp-json\/wp\/v2\/media?parent=90"}],"curies":[{"name":"wp","href":"https:\/\/api.w.org\/{rel}","templated":true}]}}